{"id":12758,"date":"2022-07-18T13:38:08","date_gmt":"2022-07-18T13:38:08","guid":{"rendered":"https:\/\/muzej-jugoslavije.org\/wp-content\/uploads\/2022\/07\/33-ph-vladimir-opsenica-vladan-jeremic-i-rene-redle-muzej-jugoslavije-dscf2796.jpg"},"modified":"2022-07-19T11:18:22","modified_gmt":"2022-07-19T11:18:22","slug":"33-ph-vladimir-opsenica-vladan-jeremic-i-rene-redle-muzej-jugoslavije-dscf2796-2","status":"inherit","type":"attachment","link":"https:\/\/muzej-jugoslavije.org\/en\/33-ph-vladimir-opsenica-vladan-jeremic-i-rene-redle-muzej-jugoslavije-dscf2796-2\/","title":{"rendered":"33-ph-vladimir-opsenica-Vladan-Jeremi\u0107-i-Rene-Redle-Muzej-Jugoslavije-DSCF2796"},"author":2,"featured_media":0,"comment_status":"open","ping_status":"closed","template":"","meta":[],"description":{"rendered":"<p class=\"attachment\"><a href='https:\/\/muzej-jugoslavije.org\/wp-content\/uploads\/2022\/07\/33-ph-vladimir-opsenica-vladan-jeremic-i-rene-redle-muzej-jugoslavije-dscf2796-e1658151590603.jpg'><img loading=\"lazy\" decoding=\"async\" width=\"300\" height=\"200\" src=\"https:\/\/muzej-jugoslavije.org\/wp-content\/uploads\/2022\/07\/33-ph-vladimir-opsenica-vladan-jeremic-i-rene-redle-muzej-jugoslavije-dscf2796-300x200.jpg\" class=\"attachment-medium size-medium\" alt=\"\" srcset=\"https:\/\/muzej-jugoslavije.org\/wp-content\/uploads\/2022\/07\/33-ph-vladimir-opsenica-vladan-jeremic-i-rene-redle-muzej-jugoslavije-dscf2796-300x200.jpg 300w, https:\/\/muzej-jugoslavije.org\/wp-content\/uploads\/2022\/07\/33-ph-vladimir-opsenica-vladan-jeremic-i-rene-redle-muzej-jugoslavije-dscf2796-1024x683.jpg 1024w, https:\/\/muzej-jugoslavije.org\/wp-content\/uploads\/2022\/07\/33-ph-vladimir-opsenica-vladan-jeremic-i-rene-redle-muzej-jugoslavije-dscf2796-768x512.jpg 768w, https:\/\/muzej-jugoslavije.org\/wp-content\/uploads\/2022\/07\/33-ph-vladimir-opsenica-vladan-jeremic-i-rene-redle-muzej-jugoslavije-dscf2796-1536x1025.jpg 1536w, https:\/\/muzej-jugoslavije.org\/wp-content\/uploads\/2022\/07\/33-ph-vladimir-opsenica-vladan-jeremic-i-rene-redle-muzej-jugoslavije-dscf2796-396x264.jpg 396w, https:\/\/muzej-jugoslavije.org\/wp-content\/uploads\/2022\/07\/33-ph-vladimir-opsenica-vladan-jeremic-i-rene-redle-muzej-jugoslavije-dscf2796-500x333.jpg 500w, https:\/\/muzej-jugoslavije.org\/wp-content\/uploads\/2022\/07\/33-ph-vladimir-opsenica-vladan-jeremic-i-rene-redle-muzej-jugoslavije-dscf2796.jpg 2048w\" sizes=\"(max-width: 300px) 100vw, 300px\" \/><\/a><\/p>\n"},"caption":{"rendered":"<p>Muzej Jugoslavije<\/p>\n<p>Otvaranje izlo\u017ebene interevencije<br \/>\nu okviru postavke \u201eMuzejska laboratorija\u201c<\/p>\n<p>KORAK NAPRED, DVA KORAKA NAZAD<br \/>\nRena Redle &amp; Vladan Jeremi\u0107<\/p>\n<p>Kustosi izlo\u017ebene postavke:<br \/>\nSimona Ognjanovi\u0107 i Marija \u0110orgovi\u0107<\/p>\n<p>muzika uz piknik after<br \/>\numetnik Andreja Bunu\u0161evac<\/p>\n<p>subota 14. maj 2022.<\/p>\n<p>\u00a9 2022 ph: vladimir opsenica<\/p>\n"},"alt_text":"","media_type":"image","mime_type":"image\/jpeg","media_details":{"width":2048,"height":1366,"file":"2022\/07\/33-ph-vladimir-opsenica-vladan-jeremic-i-rene-redle-muzej-jugoslavije-dscf2796.jpg","sizes":{"medium":{"file":"33-ph-vladimir-opsenica-vladan-jeremic-i-rene-redle-muzej-jugoslavije-dscf2796-300x200.jpg","width":300,"height":200,"mime_type":"image\/jpeg","source_url":"https:\/\/muzej-jugoslavije.org\/wp-content\/uploads\/2022\/07\/33-ph-vladimir-opsenica-vladan-jeremic-i-rene-redle-muzej-jugoslavije-dscf2796-300x200.jpg"},"large":{"file":"33-ph-vladimir-opsenica-vladan-jeremic-i-rene-redle-muzej-jugoslavije-dscf2796-1024x683.jpg","width":1024,"height":683,"mime_type":"image\/jpeg","source_url":"https:\/\/muzej-jugoslavije.org\/wp-content\/uploads\/2022\/07\/33-ph-vladimir-opsenica-vladan-jeremic-i-rene-redle-muzej-jugoslavije-dscf2796-1024x683.jpg"},"thumbnail":{"file":"33-ph-vladimir-opsenica-vladan-jeremic-i-rene-redle-muzej-jugoslavije-dscf2796-150x150.jpg","width":150,"height":150,"mime_type":"image\/jpeg","source_url":"https:\/\/muzej-jugoslavije.org\/wp-content\/uploads\/2022\/07\/33-ph-vladimir-opsenica-vladan-jeremic-i-rene-redle-muzej-jugoslavije-dscf2796-150x150.jpg"},"medium_large":{"file":"33-ph-vladimir-opsenica-vladan-jeremic-i-rene-redle-muzej-jugoslavije-dscf2796-768x512.jpg","width":768,"height":512,"mime_type":"image\/jpeg","source_url":"https:\/\/muzej-jugoslavije.org\/wp-content\/uploads\/2022\/07\/33-ph-vladimir-opsenica-vladan-jeremic-i-rene-redle-muzej-jugoslavije-dscf2796-768x512.jpg"},"1536x1536":{"file":"33-ph-vladimir-opsenica-vladan-jeremic-i-rene-redle-muzej-jugoslavije-dscf2796-1536x1025.jpg","width":1536,"height":1025,"mime_type":"image\/jpeg","source_url":"https:\/\/muzej-jugoslavije.org\/wp-content\/uploads\/2022\/07\/33-ph-vladimir-opsenica-vladan-jeremic-i-rene-redle-muzej-jugoslavije-dscf2796-1536x1025.jpg"},"list_of_acquisition_or_conservation_first":{"file":"33-ph-vladimir-opsenica-vladan-jeremic-i-rene-redle-muzej-jugoslavije-dscf2796-587x300.jpg","width":587,"height":300,"mime_type":"image\/jpeg","source_url":"https:\/\/muzej-jugoslavije.org\/wp-content\/uploads\/2022\/07\/33-ph-vladimir-opsenica-vladan-jeremic-i-rene-redle-muzej-jugoslavije-dscf2796-587x300.jpg"},"list_of_acquisition_or_conservation_other":{"file":"33-ph-vladimir-opsenica-vladan-jeremic-i-rene-redle-muzej-jugoslavije-dscf2796-280x300.jpg","width":280,"height":300,"mime_type":"image\/jpeg","source_url":"https:\/\/muzej-jugoslavije.org\/wp-content\/uploads\/2022\/07\/33-ph-vladimir-opsenica-vladan-jeremic-i-rene-redle-muzej-jugoslavije-dscf2796-280x300.jpg"},"list_of_art_or_material":{"file":"33-ph-vladimir-opsenica-vladan-jeremic-i-rene-redle-muzej-jugoslavije-dscf2796-200x200.jpg","width":200,"height":200,"mime_type":"image\/jpeg","source_url":"https:\/\/muzej-jugoslavije.org\/wp-content\/uploads\/2022\/07\/33-ph-vladimir-opsenica-vladan-jeremic-i-rene-redle-muzej-jugoslavije-dscf2796-200x200.jpg"},"list_of_blog_featured_post":{"file":"33-ph-vladimir-opsenica-vladan-jeremic-i-rene-redle-muzej-jugoslavije-dscf2796-720x450.jpg","width":720,"height":450,"mime_type":"image\/jpeg","source_url":"https:\/\/muzej-jugoslavije.org\/wp-content\/uploads\/2022\/07\/33-ph-vladimir-opsenica-vladan-jeremic-i-rene-redle-muzej-jugoslavije-dscf2796-720x450.jpg"},"list_of_blog_top_blog":{"file":"33-ph-vladimir-opsenica-vladan-jeremic-i-rene-redle-muzej-jugoslavije-dscf2796-588x286.jpg","width":588,"height":286,"mime_type":"image\/jpeg","source_url":"https:\/\/muzej-jugoslavije.org\/wp-content\/uploads\/2022\/07\/33-ph-vladimir-opsenica-vladan-jeremic-i-rene-redle-muzej-jugoslavije-dscf2796-588x286.jpg"},"list_of_blog_small":{"file":"33-ph-vladimir-opsenica-vladan-jeremic-i-rene-redle-muzej-jugoslavije-dscf2796-384x348.jpg","width":384,"height":348,"mime_type":"image\/jpeg","source_url":"https:\/\/muzej-jugoslavije.org\/wp-content\/uploads\/2022\/07\/33-ph-vladimir-opsenica-vladan-jeremic-i-rene-redle-muzej-jugoslavije-dscf2796-384x348.jpg"},"list_of_blog_big":{"file":"33-ph-vladimir-opsenica-vladan-jeremic-i-rene-redle-muzej-jugoslavije-dscf2796-384x448.jpg","width":384,"height":448,"mime_type":"image\/jpeg","source_url":"https:\/\/muzej-jugoslavije.org\/wp-content\/uploads\/2022\/07\/33-ph-vladimir-opsenica-vladan-jeremic-i-rene-redle-muzej-jugoslavije-dscf2796-384x448.jpg"},"list_of_exhibition_current_first_two":{"file":"33-ph-vladimir-opsenica-vladan-jeremic-i-rene-redle-muzej-jugoslavije-dscf2796-590x302.jpg","width":590,"height":302,"mime_type":"image\/jpeg","source_url":"https:\/\/muzej-jugoslavije.org\/wp-content\/uploads\/2022\/07\/33-ph-vladimir-opsenica-vladan-jeremic-i-rene-redle-muzej-jugoslavije-dscf2796-590x302.jpg"},"list_of_exhibition_current_other":{"file":"33-ph-vladimir-opsenica-vladan-jeremic-i-rene-redle-muzej-jugoslavije-dscf2796-385x298.jpg","width":385,"height":298,"mime_type":"image\/jpeg","source_url":"https:\/\/muzej-jugoslavije.org\/wp-content\/uploads\/2022\/07\/33-ph-vladimir-opsenica-vladan-jeremic-i-rene-redle-muzej-jugoslavije-dscf2796-385x298.jpg"},"list_of_exhibition_past":{"file":"33-ph-vladimir-opsenica-vladan-jeremic-i-rene-redle-muzej-jugoslavije-dscf2796-221x238.jpg","width":221,"height":238,"mime_type":"image\/jpeg","source_url":"https:\/\/muzej-jugoslavije.org\/wp-content\/uploads\/2022\/07\/33-ph-vladimir-opsenica-vladan-jeremic-i-rene-redle-muzej-jugoslavije-dscf2796-221x238.jpg"},"list_of_press":{"file":"33-ph-vladimir-opsenica-vladan-jeremic-i-rene-redle-muzej-jugoslavije-dscf2796-348x314.jpg","width":348,"height":314,"mime_type":"image\/jpeg","source_url":"https:\/\/muzej-jugoslavije.org\/wp-content\/uploads\/2022\/07\/33-ph-vladimir-opsenica-vladan-jeremic-i-rene-redle-muzej-jugoslavije-dscf2796-348x314.jpg"},"list_of_related_program":{"file":"33-ph-vladimir-opsenica-vladan-jeremic-i-rene-redle-muzej-jugoslavije-dscf2796-348x187.jpg","width":348,"height":187,"mime_type":"image\/jpeg","source_url":"https:\/\/muzej-jugoslavije.org\/wp-content\/uploads\/2022\/07\/33-ph-vladimir-opsenica-vladan-jeremic-i-rene-redle-muzej-jugoslavije-dscf2796-348x187.jpg"},"list_of_publication":{"file":"33-ph-vladimir-opsenica-vladan-jeremic-i-rene-redle-muzej-jugoslavije-dscf2796-163x175.jpg","width":163,"height":175,"mime_type":"image\/jpeg","source_url":"https:\/\/muzej-jugoslavije.org\/wp-content\/uploads\/2022\/07\/33-ph-vladimir-opsenica-vladan-jeremic-i-rene-redle-muzej-jugoslavije-dscf2796-163x175.jpg"},"list_of_program_or_workshop":{"file":"33-ph-vladimir-opsenica-vladan-jeremic-i-rene-redle-muzej-jugoslavije-dscf2796-607x310.jpg","width":607,"height":310,"mime_type":"image\/jpeg","source_url":"https:\/\/muzej-jugoslavije.org\/wp-content\/uploads\/2022\/07\/33-ph-vladimir-opsenica-vladan-jeremic-i-rene-redle-muzej-jugoslavije-dscf2796-607x310.jpg"},"widget-right-side-exhibition":{"file":"33-ph-vladimir-opsenica-vladan-jeremic-i-rene-redle-muzej-jugoslavije-dscf2796-241x191.jpg","width":241,"height":191,"mime_type":"image\/jpeg","source_url":"https:\/\/muzej-jugoslavije.org\/wp-content\/uploads\/2022\/07\/33-ph-vladimir-opsenica-vladan-jeremic-i-rene-redle-muzej-jugoslavije-dscf2796-241x191.jpg"},"widget-news":{"file":"33-ph-vladimir-opsenica-vladan-jeremic-i-rene-redle-muzej-jugoslavije-dscf2796-396x264.jpg","width":396,"height":264,"mime_type":"image\/jpeg","source_url":"https:\/\/muzej-jugoslavije.org\/wp-content\/uploads\/2022\/07\/33-ph-vladimir-opsenica-vladan-jeremic-i-rene-redle-muzej-jugoslavije-dscf2796-396x264.jpg"},"collection-gallery-small":{"file":"33-ph-vladimir-opsenica-vladan-jeremic-i-rene-redle-muzej-jugoslavije-dscf2796-517x252.jpg","width":517,"height":252,"mime_type":"image\/jpeg","source_url":"https:\/\/muzej-jugoslavije.org\/wp-content\/uploads\/2022\/07\/33-ph-vladimir-opsenica-vladan-jeremic-i-rene-redle-muzej-jugoslavije-dscf2796-517x252.jpg"},"collection-gallery-big":{"file":"33-ph-vladimir-opsenica-vladan-jeremic-i-rene-redle-muzej-jugoslavije-dscf2796-250x252.jpg","width":250,"height":252,"mime_type":"image\/jpeg","source_url":"https:\/\/muzej-jugoslavije.org\/wp-content\/uploads\/2022\/07\/33-ph-vladimir-opsenica-vladan-jeremic-i-rene-redle-muzej-jugoslavije-dscf2796-250x252.jpg"},"home-main-slider":{"file":"33-ph-vladimir-opsenica-vladan-jeremic-i-rene-redle-muzej-jugoslavije-dscf2796-1920x733.jpg","width":1920,"height":733,"mime_type":"image\/jpeg","source_url":"https:\/\/muzej-jugoslavije.org\/wp-content\/uploads\/2022\/07\/33-ph-vladimir-opsenica-vladan-jeremic-i-rene-redle-muzej-jugoslavije-dscf2796-1920x733.jpg"},"home-art":{"file":"33-ph-vladimir-opsenica-vladan-jeremic-i-rene-redle-muzej-jugoslavije-dscf2796-520x700.jpg","width":520,"height":700,"mime_type":"image\/jpeg","source_url":"https:\/\/muzej-jugoslavije.org\/wp-content\/uploads\/2022\/07\/33-ph-vladimir-opsenica-vladan-jeremic-i-rene-redle-muzej-jugoslavije-dscf2796-520x700.jpg"},"home-blog-item":{"file":"33-ph-vladimir-opsenica-vladan-jeremic-i-rene-redle-muzej-jugoslavije-dscf2796-396x255.jpg","width":396,"height":255,"mime_type":"image\/jpeg","source_url":"https:\/\/muzej-jugoslavije.org\/wp-content\/uploads\/2022\/07\/33-ph-vladimir-opsenica-vladan-jeremic-i-rene-redle-muzej-jugoslavije-dscf2796-396x255.jpg"},"home-interactive-history":{"file":"33-ph-vladimir-opsenica-vladan-jeremic-i-rene-redle-muzej-jugoslavije-dscf2796-1087x319.jpg","width":1087,"height":319,"mime_type":"image\/jpeg","source_url":"https:\/\/muzej-jugoslavije.org\/wp-content\/uploads\/2022\/07\/33-ph-vladimir-opsenica-vladan-jeremic-i-rene-redle-muzej-jugoslavije-dscf2796-1087x319.jpg"},"explorer-blog":{"file":"33-ph-vladimir-opsenica-vladan-jeremic-i-rene-redle-muzej-jugoslavije-dscf2796-348x314.jpg","width":348,"height":314,"mime_type":"image\/jpeg","source_url":"https:\/\/muzej-jugoslavije.org\/wp-content\/uploads\/2022\/07\/33-ph-vladimir-opsenica-vladan-jeremic-i-rene-redle-muzej-jugoslavije-dscf2796-348x314.jpg"},"explorer-publication":{"file":"33-ph-vladimir-opsenica-vladan-jeremic-i-rene-redle-muzej-jugoslavije-dscf2796-115x157.jpg","width":115,"height":157,"mime_type":"image\/jpeg","source_url":"https:\/\/muzej-jugoslavije.org\/wp-content\/uploads\/2022\/07\/33-ph-vladimir-opsenica-vladan-jeremic-i-rene-redle-muzej-jugoslavije-dscf2796-115x157.jpg"},"collection-cover":{"file":"33-ph-vladimir-opsenica-vladan-jeremic-i-rene-redle-muzej-jugoslavije-dscf2796-1440x550.jpg","width":1440,"height":550,"mime_type":"image\/jpeg","source_url":"https:\/\/muzej-jugoslavije.org\/wp-content\/uploads\/2022\/07\/33-ph-vladimir-opsenica-vladan-jeremic-i-rene-redle-muzej-jugoslavije-dscf2796-1440x550.jpg"},"collection-gallery-item":{"file":"33-ph-vladimir-opsenica-vladan-jeremic-i-rene-redle-muzej-jugoslavije-dscf2796-301x303.jpg","width":301,"height":303,"mime_type":"image\/jpeg","source_url":"https:\/\/muzej-jugoslavije.org\/wp-content\/uploads\/2022\/07\/33-ph-vladimir-opsenica-vladan-jeremic-i-rene-redle-muzej-jugoslavije-dscf2796-301x303.jpg"},"collection-gallery-featured-item":{"file":"33-ph-vladimir-opsenica-vladan-jeremic-i-rene-redle-muzej-jugoslavije-dscf2796-621x303.jpg","width":621,"height":303,"mime_type":"image\/jpeg","source_url":"https:\/\/muzej-jugoslavije.org\/wp-content\/uploads\/2022\/07\/33-ph-vladimir-opsenica-vladan-jeremic-i-rene-redle-muzej-jugoslavije-dscf2796-621x303.jpg"},"exhibition-and-program-permanent-exhibition":{"file":"33-ph-vladimir-opsenica-vladan-jeremic-i-rene-redle-muzej-jugoslavije-dscf2796-1440x650.jpg","width":1440,"height":650,"mime_type":"image\/jpeg","source_url":"https:\/\/muzej-jugoslavije.org\/wp-content\/uploads\/2022\/07\/33-ph-vladimir-opsenica-vladan-jeremic-i-rene-redle-muzej-jugoslavije-dscf2796-1440x650.jpg"},"exhibition-and-program-exhibition":{"file":"33-ph-vladimir-opsenica-vladan-jeremic-i-rene-redle-muzej-jugoslavije-dscf2796-1920x600.jpg","width":1920,"height":600,"mime_type":"image\/jpeg","source_url":"https:\/\/muzej-jugoslavije.org\/wp-content\/uploads\/2022\/07\/33-ph-vladimir-opsenica-vladan-jeremic-i-rene-redle-muzej-jugoslavije-dscf2796-1920x600.jpg"},"exhibition-and-program-program_thumb_slider":{"file":"33-ph-vladimir-opsenica-vladan-jeremic-i-rene-redle-muzej-jugoslavije-dscf2796-922x577.jpg","width":922,"height":577,"mime_type":"image\/jpeg","source_url":"https:\/\/muzej-jugoslavije.org\/wp-content\/uploads\/2022\/07\/33-ph-vladimir-opsenica-vladan-jeremic-i-rene-redle-muzej-jugoslavije-dscf2796-922x577.jpg"},"exhibition-and-program-program_thumb":{"file":"33-ph-vladimir-opsenica-vladan-jeremic-i-rene-redle-muzej-jugoslavije-dscf2796-283x118.jpg","width":283,"height":118,"mime_type":"image\/jpeg","source_url":"https:\/\/muzej-jugoslavije.org\/wp-content\/uploads\/2022\/07\/33-ph-vladimir-opsenica-vladan-jeremic-i-rene-redle-muzej-jugoslavije-dscf2796-283x118.jpg"},"exhibition-and-program-blog":{"file":"33-ph-vladimir-opsenica-vladan-jeremic-i-rene-redle-muzej-jugoslavije-dscf2796-1440x540.jpg","width":1440,"height":540,"mime_type":"image\/jpeg","source_url":"https:\/\/muzej-jugoslavije.org\/wp-content\/uploads\/2022\/07\/33-ph-vladimir-opsenica-vladan-jeremic-i-rene-redle-muzej-jugoslavije-dscf2796-1440x540.jpg"},"visit-us-testimonial-and-slider":{"file":"33-ph-vladimir-opsenica-vladan-jeremic-i-rene-redle-muzej-jugoslavije-dscf2796-1440x500.jpg","width":1440,"height":500,"mime_type":"image\/jpeg","source_url":"https:\/\/muzej-jugoslavije.org\/wp-content\/uploads\/2022\/07\/33-ph-vladimir-opsenica-vladan-jeremic-i-rene-redle-muzej-jugoslavije-dscf2796-1440x500.jpg"},"visit-us-guided-tours":{"file":"33-ph-vladimir-opsenica-vladan-jeremic-i-rene-redle-muzej-jugoslavije-dscf2796-1440x630.jpg","width":1440,"height":630,"mime_type":"image\/jpeg","source_url":"https:\/\/muzej-jugoslavije.org\/wp-content\/uploads\/2022\/07\/33-ph-vladimir-opsenica-vladan-jeremic-i-rene-redle-muzej-jugoslavije-dscf2796-1440x630.jpg"},"single-cover":{"file":"33-ph-vladimir-opsenica-vladan-jeremic-i-rene-redle-muzej-jugoslavije-dscf2796-1920x550.jpg","width":1920,"height":550,"mime_type":"image\/jpeg","source_url":"https:\/\/muzej-jugoslavije.org\/wp-content\/uploads\/2022\/07\/33-ph-vladimir-opsenica-vladan-jeremic-i-rene-redle-muzej-jugoslavije-dscf2796-1920x550.jpg"},"single-material":{"file":"33-ph-vladimir-opsenica-vladan-jeremic-i-rene-redle-muzej-jugoslavije-dscf2796-1980x928.jpg","width":1980,"height":928,"mime_type":"image\/jpeg","source_url":"https:\/\/muzej-jugoslavije.org\/wp-content\/uploads\/2022\/07\/33-ph-vladimir-opsenica-vladan-jeremic-i-rene-redle-muzej-jugoslavije-dscf2796-1980x928.jpg"},"exhibition-small-image":{"file":"33-ph-vladimir-opsenica-vladan-jeremic-i-rene-redle-muzej-jugoslavije-dscf2796-257x257.jpg","width":257,"height":257,"mime_type":"image\/jpeg","source_url":"https:\/\/muzej-jugoslavije.org\/wp-content\/uploads\/2022\/07\/33-ph-vladimir-opsenica-vladan-jeremic-i-rene-redle-muzej-jugoslavije-dscf2796-257x257.jpg"},"timeline-background":{"file":"33-ph-vladimir-opsenica-vladan-jeremic-i-rene-redle-muzej-jugoslavije-dscf2796-1440x900.jpg","width":1440,"height":900,"mime_type":"image\/jpeg","source_url":"https:\/\/muzej-jugoslavije.org\/wp-content\/uploads\/2022\/07\/33-ph-vladimir-opsenica-vladan-jeremic-i-rene-redle-muzej-jugoslavije-dscf2796-1440x900.jpg"},"timeline-vertical":{"file":"33-ph-vladimir-opsenica-vladan-jeremic-i-rene-redle-muzej-jugoslavije-dscf2796-275x312.jpg","width":275,"height":312,"mime_type":"image\/jpeg","source_url":"https:\/\/muzej-jugoslavije.org\/wp-content\/uploads\/2022\/07\/33-ph-vladimir-opsenica-vladan-jeremic-i-rene-redle-muzej-jugoslavije-dscf2796-275x312.jpg"},"timeline-horizontal":{"file":"33-ph-vladimir-opsenica-vladan-jeremic-i-rene-redle-muzej-jugoslavije-dscf2796-275x200.jpg","width":275,"height":200,"mime_type":"image\/jpeg","source_url":"https:\/\/muzej-jugoslavije.org\/wp-content\/uploads\/2022\/07\/33-ph-vladimir-opsenica-vladan-jeremic-i-rene-redle-muzej-jugoslavije-dscf2796-275x200.jpg"},"timeline-horizontal_with_title":{"file":"33-ph-vladimir-opsenica-vladan-jeremic-i-rene-redle-muzej-jugoslavije-dscf2796-500x234.jpg","width":500,"height":234,"mime_type":"image\/jpeg","source_url":"https:\/\/muzej-jugoslavije.org\/wp-content\/uploads\/2022\/07\/33-ph-vladimir-opsenica-vladan-jeremic-i-rene-redle-muzej-jugoslavije-dscf2796-500x234.jpg"},"timeline-two-image":{"file":"33-ph-vladimir-opsenica-vladan-jeremic-i-rene-redle-muzej-jugoslavije-dscf2796-191x139.jpg","width":191,"height":139,"mime_type":"image\/jpeg","source_url":"https:\/\/muzej-jugoslavije.org\/wp-content\/uploads\/2022\/07\/33-ph-vladimir-opsenica-vladan-jeremic-i-rene-redle-muzej-jugoslavije-dscf2796-191x139.jpg"},"timeline-modal":{"file":"33-ph-vladimir-opsenica-vladan-jeremic-i-rene-redle-muzej-jugoslavije-dscf2796-500x333.jpg","width":500,"height":333,"mime_type":"image\/jpeg","source_url":"https:\/\/muzej-jugoslavije.org\/wp-content\/uploads\/2022\/07\/33-ph-vladimir-opsenica-vladan-jeremic-i-rene-redle-muzej-jugoslavije-dscf2796-500x333.jpg"},"single-art-thumb":{"file":"33-ph-vladimir-opsenica-vladan-jeremic-i-rene-redle-muzej-jugoslavije-dscf2796-75x75.jpg","width":75,"height":75,"mime_type":"image\/jpeg","source_url":"https:\/\/muzej-jugoslavije.org\/wp-content\/uploads\/2022\/07\/33-ph-vladimir-opsenica-vladan-jeremic-i-rene-redle-muzej-jugoslavije-dscf2796-75x75.jpg"},"single-art-big":{"file":"33-ph-vladimir-opsenica-vladan-jeremic-i-rene-redle-muzej-jugoslavije-dscf2796-450x450.jpg","width":450,"height":450,"mime_type":"image\/jpeg","source_url":"https:\/\/muzej-jugoslavije.org\/wp-content\/uploads\/2022\/07\/33-ph-vladimir-opsenica-vladan-jeremic-i-rene-redle-muzej-jugoslavije-dscf2796-450x450.jpg"},"single-art-big-2":{"file":"33-ph-vladimir-opsenica-vladan-jeremic-i-rene-redle-muzej-jugoslavije-dscf2796-900x900.jpg","width":900,"height":900,"mime_type":"image\/jpeg","source_url":"https:\/\/muzej-jugoslavije.org\/wp-content\/uploads\/2022\/07\/33-ph-vladimir-opsenica-vladan-jeremic-i-rene-redle-muzej-jugoslavije-dscf2796-900x900.jpg"},"single-art-relation":{"file":"33-ph-vladimir-opsenica-vladan-jeremic-i-rene-redle-muzej-jugoslavije-dscf2796-240x240.jpg","width":240,"height":240,"mime_type":"image\/jpeg","source_url":"https:\/\/muzej-jugoslavije.org\/wp-content\/uploads\/2022\/07\/33-ph-vladimir-opsenica-vladan-jeremic-i-rene-redle-muzej-jugoslavije-dscf2796-240x240.jpg"},"internship-detail":{"file":"33-ph-vladimir-opsenica-vladan-jeremic-i-rene-redle-muzej-jugoslavije-dscf2796-590x535.jpg","width":590,"height":535,"mime_type":"image\/jpeg","source_url":"https:\/\/muzej-jugoslavije.org\/wp-content\/uploads\/2022\/07\/33-ph-vladimir-opsenica-vladan-jeremic-i-rene-redle-muzej-jugoslavije-dscf2796-590x535.jpg"},"for-parent-program":{"file":"33-ph-vladimir-opsenica-vladan-jeremic-i-rene-redle-muzej-jugoslavije-dscf2796-347x187.jpg","width":347,"height":187,"mime_type":"image\/jpeg","source_url":"https:\/\/muzej-jugoslavije.org\/wp-content\/uploads\/2022\/07\/33-ph-vladimir-opsenica-vladan-jeremic-i-rene-redle-muzej-jugoslavije-dscf2796-347x187.jpg"},"about-us-image":{"file":"33-ph-vladimir-opsenica-vladan-jeremic-i-rene-redle-muzej-jugoslavije-dscf2796-423x408.jpg","width":423,"height":408,"mime_type":"image\/jpeg","source_url":"https:\/\/muzej-jugoslavije.org\/wp-content\/uploads\/2022\/07\/33-ph-vladimir-opsenica-vladan-jeremic-i-rene-redle-muzej-jugoslavije-dscf2796-423x408.jpg"},"about-us-founders":{"file":"33-ph-vladimir-opsenica-vladan-jeremic-i-rene-redle-muzej-jugoslavije-dscf2796-1440x706.jpg","width":1440,"height":706,"mime_type":"image\/jpeg","source_url":"https:\/\/muzej-jugoslavije.org\/wp-content\/uploads\/2022\/07\/33-ph-vladimir-opsenica-vladan-jeremic-i-rene-redle-muzej-jugoslavije-dscf2796-1440x706.jpg"},"about-us-staff":{"file":"33-ph-vladimir-opsenica-vladan-jeremic-i-rene-redle-muzej-jugoslavije-dscf2796-65x65.jpg","width":65,"height":65,"mime_type":"image\/jpeg","source_url":"https:\/\/muzej-jugoslavije.org\/wp-content\/uploads\/2022\/07\/33-ph-vladimir-opsenica-vladan-jeremic-i-rene-redle-muzej-jugoslavije-dscf2796-65x65.jpg"},"about-us-sponsor":{"file":"33-ph-vladimir-opsenica-vladan-jeremic-i-rene-redle-muzej-jugoslavije-dscf2796-287x287.jpg","width":287,"height":287,"mime_type":"image\/jpeg","source_url":"https:\/\/muzej-jugoslavije.org\/wp-content\/uploads\/2022\/07\/33-ph-vladimir-opsenica-vladan-jeremic-i-rene-redle-muzej-jugoslavije-dscf2796-287x287.jpg"},"logo":{"file":"33-ph-vladimir-opsenica-vladan-jeremic-i-rene-redle-muzej-jugoslavije-dscf2796-188x300.jpg","width":188,"height":300,"mime_type":"image\/jpeg","source_url":"https:\/\/muzej-jugoslavije.org\/wp-content\/uploads\/2022\/07\/33-ph-vladimir-opsenica-vladan-jeremic-i-rene-redle-muzej-jugoslavije-dscf2796-188x300.jpg"},"permanent_exhibition_preview_item":{"file":"33-ph-vladimir-opsenica-vladan-jeremic-i-rene-redle-muzej-jugoslavije-dscf2796-229x229.jpg","width":229,"height":229,"mime_type":"image\/jpeg","source_url":"https:\/\/muzej-jugoslavije.org\/wp-content\/uploads\/2022\/07\/33-ph-vladimir-opsenica-vladan-jeremic-i-rene-redle-muzej-jugoslavije-dscf2796-229x229.jpg"},"top_blog_post":{"file":"33-ph-vladimir-opsenica-vladan-jeremic-i-rene-redle-muzej-jugoslavije-dscf2796-588x285.jpg","width":588,"height":285,"mime_type":"image\/jpeg","source_url":"https:\/\/muzej-jugoslavije.org\/wp-content\/uploads\/2022\/07\/33-ph-vladimir-opsenica-vladan-jeremic-i-rene-redle-muzej-jugoslavije-dscf2796-588x285.jpg"},"full":{"file":"33-ph-vladimir-opsenica-vladan-jeremic-i-rene-redle-muzej-jugoslavije-dscf2796-e1658151590603.jpg","width":2048,"height":1366,"mime_type":"image\/jpeg","source_url":"https:\/\/muzej-jugoslavije.org\/wp-content\/uploads\/2022\/07\/33-ph-vladimir-opsenica-vladan-jeremic-i-rene-redle-muzej-jugoslavije-dscf2796-e1658151590603.jpg"}},"image_meta":{"aperture":"0","credit":"vladimir opsenica","camera":"","caption":"Muzej Jugoslavije\r\n\r\nOtvaranje izlo\u017ebene interevencije\r\nu okviru postavke \u201eMuzejska laboratorija\u201c\r\n\r\nKORAK NAPRED, DVA KORAKA NAZAD\r\nRena Redle &amp; Vladan Jeremi\u0107\r\n\r\nKustosi izlo\u017ebene postavke:\r\nSimona Ognjanovi\u0107 i Marija \u0110orgovi\u0107\r\n\r\nmuzika uz piknik after \r\numetnik Andreja Bunu\u0161evac\r\n\r\nsubota 14. maj 2022.\r\n\r\n\u00a9 2022 ph: vladimir opsenica","created_timestamp":"0","copyright":"\u00a9 2022 ph: vladimir opsenica","focal_length":"0","iso":"0","shutter_speed":"0","title":"","orientation":"0","keywords":[]}},"post":null,"source_url":"https:\/\/muzej-jugoslavije.org\/wp-content\/uploads\/2022\/07\/33-ph-vladimir-opsenica-vladan-jeremic-i-rene-redle-muzej-jugoslavije-dscf2796-e1658151590603.jpg","_links":{"self":[{"href":"https:\/\/muzej-jugoslavije.org\/en\/wp-json\/wp\/v2\/media\/12758"}],"collection":[{"href":"https:\/\/muzej-jugoslavije.org\/en\/wp-json\/wp\/v2\/media"}],"about":[{"href":"https:\/\/muzej-jugoslavije.org\/en\/wp-json\/wp\/v2\/types\/attachment"}],"author":[{"embeddable":true,"href":"https:\/\/muzej-jugoslavije.org\/en\/wp-json\/wp\/v2\/users\/2"}],"replies":[{"embeddable":true,"href":"https:\/\/muzej-jugoslavije.org\/en\/wp-json\/wp\/v2\/comments?post=12758"}]}}